{"id":5439,"date":"2020-11-11T11:27:38","date_gmt":"2020-11-11T10:27:38","guid":{"rendered":"https:\/\/fravi-hotel.cf\/?page_id=5439"},"modified":"2021-05-15T17:23:53","modified_gmt":"2021-05-15T15:23:53","slug":"bagni-termali","status":"publish","type":"page","link":"https:\/\/fravi-hotel.ch\/it\/bagni-termali\/","title":{"rendered":"Bagni termali"},"content":{"rendered":"\n<div class=\"wp-block-columns is-layout-flex wp-container-core-columns-is-layout-9d6595d7 wp-block-columns-is-layout-flex\">\n<div class=\"wp-block-column is-vertically-aligned-top is-layout-flow wp-block-column-is-layout-flow\" style=\"flex-basis:33.33%\">\n<h1 class=\"gb-headline gb-headline-7af9af31 gb-headline-text\">Bagni termali di Andeer<\/h1>\n<\/div>\n\n\n\n<div class=\"wp-block-column is-vertically-aligned-bottom is-layout-flow wp-block-column-is-layout-flow\" style=\"flex-basis:66.66%\">\n<p>I bagni termali di Andeer, un&#8217;oasi di benessere di circa 1&#8217;800 m2, sono direttamente collegati all&#8217;hotel. Ha una piscina coperta accogliente e luminosa, una meravigliosa piscina all&#8217;aperto con lettini a bolle d&#8217;aria e cascata e una meravigliosa vista sul paesaggio e sulle montagne. L&#8217;acqua \u00e8 calda a 34 \u00b0C.<\/p>\n\n\n\n<p>Accanto alle piscine c&#8217;\u00e8 una spaziosa e luminosa sala relax. Nel seminterrato del bagno c&#8217;\u00e8 una zona sauna, sale di terapia e massaggi.<\/p>\n\n\n\n<p><\/p>\n\n\n\n<p><\/p>\n\n\n\n<p><\/p>\n\n\n\n<p> <\/p>\n\n\n\n<p><\/p>\n<\/div>\n<\/div>\n\n\n\n<div style=\"height:60px\" aria-hidden=\"true\" class=\"wp-block-spacer\"><\/div>\n\n\n\n<div class=\"alignfull wp-block-ugb-container ugb-container ugb-07d514f ugb-container--v2 ugb-container--design-basic ugb-main-block\"><style>.ugb-07d514f-wrapper > .ugb-container__side{align-items:center !important}.ugb-07d514f-wrapper.ugb-container__wrapper{background-color:#056da6 !important}.ugb-07d514f-wrapper.ugb-container__wrapper:before{background-image:linear-gradient(180deg,#056da6 0%,#0693e3 100%) !important}.ugb-07d514f-content-wrapper > h1,.ugb-07d514f-content-wrapper > h2,.ugb-07d514f-content-wrapper > h3,.ugb-07d514f-content-wrapper > h4,.ugb-07d514f-content-wrapper > h5,.ugb-07d514f-content-wrapper > h6{color:#ffffff}.ugb-07d514f-content-wrapper > p,.ugb-07d514f-content-wrapper > ol li,.ugb-07d514f-content-wrapper > ul li{color:#ffffff}@media screen and (min-width:768px){.ugb-07d514f-content-wrapper.ugb-container__content-wrapper{width:80% !important}}@media screen and (min-width:768px) and (max-width:1025px){.ugb-07d514f-content-wrapper.ugb-container__content-wrapper{width:100% !important}}<\/style><div class=\"ugb-inner-block\"><div class=\"ugb-block-content\"><div class=\"ugb-container__wrapper ugb-07d514f-wrapper ugb--shadow-0 ugb--has-background-overlay\"><div class=\"ugb-container__side\"><div class=\"ugb-container__content-wrapper ugb-07d514f-content-wrapper\">\n<div class=\"alignwide wp-block-ugb-card ugb-card ugb-c70347a ugb-card--v2 ugb-card--design-basic ugb-card--columns-3 ugb-main-block\"><style>.ugb-c70347a .ugb-card__item{border-radius:0px !important}.ugb-c70347a .ugb-card__item1 .ugb-card__image{background-image:url(https:\/\/fravi-hotel.ch\/wp-content\/uploads\/2020\/06\/mb_2-1024x683.jpg)}.ugb-c70347a .ugb-card__item2 .ugb-card__image{background-image:url(https:\/\/fravi-hotel.ch\/wp-content\/uploads\/2020\/09\/sauna-spa-1024x683.jpg)}.ugb-c70347a .ugb-card__item3 .ugb-card__image{background-image:url(https:\/\/fravi-hotel.ch\/wp-content\/uploads\/2020\/09\/massage-1024x724.jpg)}.ugb-c70347a .ugb-card__image{height:220px !important}.ugb-c70347a .ugb-card__description{margin-bottom:30px !important}.ugb-c70347a .ugb-button{background-color:#3c89c4;padding-top:6px;padding-right:12px;padding-bottom:6px;padding-left:12px;border-radius:0px !important}.ugb-c70347a .ugb-button .ugb-button--inner,.ugb-c70347a .ugb-button svg:not(.ugb-custom-icon){color:#ffffff !important}.ugb-c70347a .ugb-button:hover{opacity:0.5}.ugb-c70347a .ugb-button:before{border-radius:0px !important}<\/style><div class=\"ugb-inner-block\"><div class=\"ugb-block-content\"><div class=\"ugb-card__item ugb-card__item1 ugb--shadow-0\"><div class=\"ugb-card__image\"><\/div><div class=\"ugb-card__content\"><h3 class=\"ugb-card__title\"><a href=\"\/it\/mineralbad\/baden\/\">Terme<\/a><\/h3><p class=\"ugb-card__description\">Il bagno minerale ha una piscina interna e una esterna disponibili tutto l&#8217;anno. L&#8217;acqua in entrambi \u00e8 calda a 34 \u00b0C.<\/p><div class=\"ugb-button-container\"><a class=\"ugb-button ugb-button--size-small\" href=\"\/it\/mineralbad\/baden\/\" rel=\"\" title=\"\"><span class=\"ugb-button--inner\">Alle terme<\/span><\/a><\/div><\/div><\/div><div class=\"ugb-card__item ugb-card__item2 ugb--shadow-0\"><div class=\"ugb-card__image\"><\/div><div class=\"ugb-card__content\"><h3 class=\"ugb-card__title\"><a href=\"\/it\/mineralbad\/saunalandschaft\/\">Zona sauna<\/a><\/h3><p class=\"ugb-card__description\">C&#8217;\u00e8 una sauna finlandese, una biosauna e naturalmente un bagno di vapore a vostra disposizione. Per i pi\u00f9 coraggiosi c&#8217;\u00e8 anche un bagno di ghiaccio.<\/p><div class=\"ugb-button-container\"><a class=\"ugb-button ugb-button--size-small\" href=\"\/it\/mineralbad\/saunalandschaft\/\" rel=\"\" title=\"\"><span class=\"ugb-button--inner\">Alla sauna<\/span><\/a><\/div><\/div><\/div><div class=\"ugb-card__item ugb-card__item3 ugb--shadow-0\"><div class=\"ugb-card__image\"><\/div><div class=\"ugb-card__content\"><h3 class=\"ugb-card__title\"><a href=\"\/it\/mineralbad\/therapien\/\">Terapie<\/a><\/h3><p class=\"ugb-card__description\">Oltre a varie terapie, si possono fare massaggi parziali e completi,<br>massaggi benessere, trattamenti per la schiena<br>massaggi di riflessologia plantare e molti altri possono essere goduti nella spa.<\/p><div class=\"ugb-button-container\"><a class=\"ugb-button ugb-button--size-small\" href=\"\/it\/mineralbad\/therapien\/\" rel=\"\" title=\"\"><span class=\"ugb-button--inner\">Alle terapie<\/span><\/a><\/div><\/div><\/div><\/div><\/div><\/div>\n<\/div><\/div><\/div><\/div><\/div><\/div>\n\n\n\n<div style=\"height:60px\" aria-hidden=\"true\" class=\"wp-block-spacer\"><\/div>\n\n\n\n<div class=\"wp-block-columns is-layout-flex wp-container-core-columns-is-layout-9d6595d7 wp-block-columns-is-layout-flex\">\n<div class=\"wp-block-column is-vertically-aligned-top is-layout-flow wp-block-column-is-layout-flow\" style=\"flex-basis:33.33%\">\n<h2 class=\"gb-headline gb-headline-dfbe690a gb-headline-text\">Orari di apertura<\/h2>\n<\/div>\n\n\n\n<div class=\"wp-block-column is-vertically-aligned-bottom is-layout-flow wp-block-column-is-layout-flow\" style=\"flex-basis:66.66%\">\n<p>Tutti i giorni dalle 08.00 alle 21.00 (al mattino fino alle 11.00 solo per gli adulti) .<\/p>\n\n\n\n<p><\/p>\n<\/div>\n<\/div>\n\n\n\n<p><\/p>\n","protected":false},"excerpt":{"rendered":"<p>Bagni termali di Andeer I bagni termali di Andeer, un&#8217;oasi di benessere di circa 1&#8217;800 m2, sono direttamente collegati all&#8217;hotel. Ha una &#8230; <\/p>\n<p class=\"read-more-container\"><a title=\"Bagni termali\" class=\"read-more button\" href=\"https:\/\/fravi-hotel.ch\/it\/bagni-termali\/#more-5439\" aria-label=\"Per saperne di pi\u00f9 su Bagni termali\">weiterlesen<\/a><\/p>\n","protected":false},"author":1,"featured_media":0,"parent":0,"menu_order":6,"comment_status":"closed","ping_status":"closed","template":"","meta":{"inline_featured_image":false,"_uag_custom_page_level_css":"","footnotes":""},"class_list":["post-5439","page","type-page","status-publish"],"featured_image_urls_v2":{"full":"","thumbnail":"","medium":"","medium_large":"","large":"","1536x1536":"","2048x2048":""},"post_excerpt_stackable_v2":"<p>Bagni termali di Andeer I bagni termali di Andeer, un&#8217;oasi di benessere di circa 1&#8217;800 m2, sono direttamente collegati all&#8217;hotel. Ha una piscina coperta accogliente e luminosa, una meravigliosa piscina all&#8217;aperto con lettini a bolle d&#8217;aria e cascata e una meravigliosa vista sul paesaggio e sulle montagne. L&#8217;acqua \u00e8 calda a 34 \u00b0C. Accanto alle piscine c&#8217;\u00e8 una spaziosa e luminosa sala relax. Nel seminterrato del bagno c&#8217;\u00e8 una zona sauna, sale di terapia e massaggi. TermeIl bagno minerale ha una piscina interna e una esterna disponibili tutto l&#8217;anno. L&#8217;acqua in entrambi \u00e8 calda a 34 \u00b0C.Alle termeZona saunaC&#8217;\u00e8 una&hellip;<\/p>\n","category_list_v2":"","author_info_v2":{"name":"PP-Admin","url":"https:\/\/fravi-hotel.ch\/it\/author\/pp-admin\/"},"comments_num_v2":"0 commenti","yoast_head":"<!-- This site is optimized with the Yoast SEO Premium plugin v27.2 (Yoast SEO v27.2) - https:\/\/yoast.com\/product\/yoast-seo-premium-wordpress\/ -->\n<title>Bagni termali | Hotel Fravi Andeer GR<\/title>\n<meta name=\"robots\" content=\"index, follow, max-snippet:-1, max-image-preview:large, max-video-preview:-1\" \/>\n<link rel=\"canonical\" href=\"https:\/\/fravi-hotel.ch\/it\/bagni-termali\/\" \/>\n<meta property=\"og:locale\" content=\"it_IT\" \/>\n<meta property=\"og:type\" content=\"article\" \/>\n<meta property=\"og:title\" content=\"Bagni termali\" \/>\n<meta property=\"og:description\" content=\"Bagni termali di Andeer I bagni termali di Andeer, un&#8217;oasi di benessere di circa 1&#8217;800 m2, sono direttamente collegati all&#8217;hotel. Ha una ... weiterlesen\" \/>\n<meta property=\"og:url\" content=\"https:\/\/fravi-hotel.ch\/it\/bagni-termali\/\" \/>\n<meta property=\"og:site_name\" content=\"Hotel Fravi Andeer GR\" \/>\n<meta property=\"article:publisher\" content=\"https:\/\/www.facebook.com\/hotelfravi\" \/>\n<meta property=\"article:modified_time\" content=\"2021-05-15T15:23:53+00:00\" \/>\n<meta name=\"twitter:card\" content=\"summary_large_image\" \/>\n<meta name=\"twitter:label1\" content=\"Tempo di lettura stimato\" \/>\n\t<meta name=\"twitter:data1\" content=\"1 minuto\" \/>\n<script type=\"application\/ld+json\" class=\"yoast-schema-graph\">{\"@context\":\"https:\/\/schema.org\",\"@graph\":[{\"@type\":\"WebPage\",\"@id\":\"https:\/\/fravi-hotel.ch\/it\/bagni-termali\/\",\"url\":\"https:\/\/fravi-hotel.ch\/it\/bagni-termali\/\",\"name\":\"Bagni termali | Hotel Fravi Andeer GR\",\"isPartOf\":{\"@id\":\"https:\/\/fravi-hotel.ch\/it\/#website\"},\"datePublished\":\"2020-11-11T10:27:38+00:00\",\"dateModified\":\"2021-05-15T15:23:53+00:00\",\"breadcrumb\":{\"@id\":\"https:\/\/fravi-hotel.ch\/it\/bagni-termali\/#breadcrumb\"},\"inLanguage\":\"it-IT\",\"potentialAction\":[{\"@type\":\"ReadAction\",\"target\":[\"https:\/\/fravi-hotel.ch\/it\/bagni-termali\/\"]}]},{\"@type\":\"BreadcrumbList\",\"@id\":\"https:\/\/fravi-hotel.ch\/it\/bagni-termali\/#breadcrumb\",\"itemListElement\":[{\"@type\":\"ListItem\",\"position\":1,\"name\":\"Start\",\"item\":\"https:\/\/fravi-hotel.ch\/it\/hotel-fravi\/\"},{\"@type\":\"ListItem\",\"position\":2,\"name\":\"Bagni termali\"}]},{\"@type\":\"WebSite\",\"@id\":\"https:\/\/fravi-hotel.ch\/it\/#website\",\"url\":\"https:\/\/fravi-hotel.ch\/it\/\",\"name\":\"Hotel Fravi, Andeer\",\"description\":\"Bade-, Kur- &amp; Ferienhotel Andeer\",\"publisher\":{\"@id\":\"https:\/\/fravi-hotel.ch\/it\/#organization\"},\"alternateName\":\"Hotel Fravi\",\"potentialAction\":[{\"@type\":\"SearchAction\",\"target\":{\"@type\":\"EntryPoint\",\"urlTemplate\":\"https:\/\/fravi-hotel.ch\/it\/?s={search_term_string}\"},\"query-input\":{\"@type\":\"PropertyValueSpecification\",\"valueRequired\":true,\"valueName\":\"search_term_string\"}}],\"inLanguage\":\"it-IT\"},{\"@type\":[\"Organization\",\"Place\"],\"@id\":\"https:\/\/fravi-hotel.ch\/it\/#organization\",\"name\":\"Hotel Fravi, Andeer\",\"alternateName\":\"Hotel Fravi\",\"url\":\"https:\/\/fravi-hotel.ch\/it\/\",\"logo\":{\"@id\":\"https:\/\/fravi-hotel.ch\/it\/bagni-termali\/#local-main-organization-logo\"},\"image\":{\"@id\":\"https:\/\/fravi-hotel.ch\/it\/bagni-termali\/#local-main-organization-logo\"},\"sameAs\":[\"https:\/\/www.facebook.com\/hotelfravi\",\"https:\/\/www.instagram.com\/hotel_fravi\/#\"],\"telephone\":[],\"openingHoursSpecification\":[{\"@type\":\"OpeningHoursSpecification\",\"dayOfWeek\":[\"Monday\",\"Tuesday\",\"Wednesday\",\"Thursday\",\"Friday\",\"Saturday\",\"Sunday\"],\"opens\":\"09:00\",\"closes\":\"17:00\"}]},{\"@type\":\"ImageObject\",\"inLanguage\":\"it-IT\",\"@id\":\"https:\/\/fravi-hotel.ch\/it\/bagni-termali\/#local-main-organization-logo\",\"url\":\"https:\/\/fravi-hotel.ch\/wp-content\/uploads\/2020\/05\/logo_hotel-fravi.png\",\"contentUrl\":\"https:\/\/fravi-hotel.ch\/wp-content\/uploads\/2020\/05\/logo_hotel-fravi.png\",\"width\":542,\"height\":360,\"caption\":\"Hotel Fravi, Andeer\"}]}<\/script>\n<!-- \/ Yoast SEO Premium plugin. -->","yoast_head_json":{"title":"Bagni termali | Hotel Fravi Andeer GR","robots":{"index":"index","follow":"follow","max-snippet":"max-snippet:-1","max-image-preview":"max-image-preview:large","max-video-preview":"max-video-preview:-1"},"canonical":"https:\/\/fravi-hotel.ch\/it\/bagni-termali\/","og_locale":"it_IT","og_type":"article","og_title":"Bagni termali","og_description":"Bagni termali di Andeer I bagni termali di Andeer, un&#8217;oasi di benessere di circa 1&#8217;800 m2, sono direttamente collegati all&#8217;hotel. Ha una ... weiterlesen","og_url":"https:\/\/fravi-hotel.ch\/it\/bagni-termali\/","og_site_name":"Hotel Fravi Andeer GR","article_publisher":"https:\/\/www.facebook.com\/hotelfravi","article_modified_time":"2021-05-15T15:23:53+00:00","twitter_card":"summary_large_image","twitter_misc":{"Tempo di lettura stimato":"1 minuto"},"schema":{"@context":"https:\/\/schema.org","@graph":[{"@type":"WebPage","@id":"https:\/\/fravi-hotel.ch\/it\/bagni-termali\/","url":"https:\/\/fravi-hotel.ch\/it\/bagni-termali\/","name":"Bagni termali | Hotel Fravi Andeer GR","isPartOf":{"@id":"https:\/\/fravi-hotel.ch\/it\/#website"},"datePublished":"2020-11-11T10:27:38+00:00","dateModified":"2021-05-15T15:23:53+00:00","breadcrumb":{"@id":"https:\/\/fravi-hotel.ch\/it\/bagni-termali\/#breadcrumb"},"inLanguage":"it-IT","potentialAction":[{"@type":"ReadAction","target":["https:\/\/fravi-hotel.ch\/it\/bagni-termali\/"]}]},{"@type":"BreadcrumbList","@id":"https:\/\/fravi-hotel.ch\/it\/bagni-termali\/#breadcrumb","itemListElement":[{"@type":"ListItem","position":1,"name":"Start","item":"https:\/\/fravi-hotel.ch\/it\/hotel-fravi\/"},{"@type":"ListItem","position":2,"name":"Bagni termali"}]},{"@type":"WebSite","@id":"https:\/\/fravi-hotel.ch\/it\/#website","url":"https:\/\/fravi-hotel.ch\/it\/","name":"Hotel Fravi, Andeer","description":"Bade-, Kur- &amp; Ferienhotel Andeer","publisher":{"@id":"https:\/\/fravi-hotel.ch\/it\/#organization"},"alternateName":"Hotel Fravi","potentialAction":[{"@type":"SearchAction","target":{"@type":"EntryPoint","urlTemplate":"https:\/\/fravi-hotel.ch\/it\/?s={search_term_string}"},"query-input":{"@type":"PropertyValueSpecification","valueRequired":true,"valueName":"search_term_string"}}],"inLanguage":"it-IT"},{"@type":["Organization","Place"],"@id":"https:\/\/fravi-hotel.ch\/it\/#organization","name":"Hotel Fravi, Andeer","alternateName":"Hotel Fravi","url":"https:\/\/fravi-hotel.ch\/it\/","logo":{"@id":"https:\/\/fravi-hotel.ch\/it\/bagni-termali\/#local-main-organization-logo"},"image":{"@id":"https:\/\/fravi-hotel.ch\/it\/bagni-termali\/#local-main-organization-logo"},"sameAs":["https:\/\/www.facebook.com\/hotelfravi","https:\/\/www.instagram.com\/hotel_fravi\/#"],"telephone":[],"openingHoursSpecification":[{"@type":"OpeningHoursSpecification","dayOfWeek":["Monday","Tuesday","Wednesday","Thursday","Friday","Saturday","Sunday"],"opens":"09:00","closes":"17:00"}]},{"@type":"ImageObject","inLanguage":"it-IT","@id":"https:\/\/fravi-hotel.ch\/it\/bagni-termali\/#local-main-organization-logo","url":"https:\/\/fravi-hotel.ch\/wp-content\/uploads\/2020\/05\/logo_hotel-fravi.png","contentUrl":"https:\/\/fravi-hotel.ch\/wp-content\/uploads\/2020\/05\/logo_hotel-fravi.png","width":542,"height":360,"caption":"Hotel Fravi, Andeer"}]}},"uagb_featured_image_src":{"full":false,"thumbnail":false,"medium":false,"medium_large":false,"large":false,"1536x1536":false,"2048x2048":false},"uagb_author_info":{"display_name":"PP-Admin","author_link":"https:\/\/fravi-hotel.ch\/it\/author\/pp-admin\/"},"uagb_comment_info":0,"uagb_excerpt":"Bagni termali di Andeer I bagni termali di Andeer, un&#8217;oasi di benessere di circa 1&#8217;800 m2, sono direttamente collegati all&#8217;hotel. Ha una ... weiterlesen","_links":{"self":[{"href":"https:\/\/fravi-hotel.ch\/it\/wp-json\/wp\/v2\/pages\/5439","targetHints":{"allow":["GET"]}}],"collection":[{"href":"https:\/\/fravi-hotel.ch\/it\/wp-json\/wp\/v2\/pages"}],"about":[{"href":"https:\/\/fravi-hotel.ch\/it\/wp-json\/wp\/v2\/types\/page"}],"author":[{"embeddable":true,"href":"https:\/\/fravi-hotel.ch\/it\/wp-json\/wp\/v2\/users\/1"}],"replies":[{"embeddable":true,"href":"https:\/\/fravi-hotel.ch\/it\/wp-json\/wp\/v2\/comments?post=5439"}],"version-history":[{"count":5,"href":"https:\/\/fravi-hotel.ch\/it\/wp-json\/wp\/v2\/pages\/5439\/revisions"}],"predecessor-version":[{"id":8677,"href":"https:\/\/fravi-hotel.ch\/it\/wp-json\/wp\/v2\/pages\/5439\/revisions\/8677"}],"wp:attachment":[{"href":"https:\/\/fravi-hotel.ch\/it\/wp-json\/wp\/v2\/media?parent=5439"}],"curies":[{"name":"wp","href":"https:\/\/api.w.org\/{rel}","templated":true}]}}