{"id":5408,"date":"2020-11-11T10:44:19","date_gmt":"2020-11-11T09:44:19","guid":{"rendered":"https:\/\/fravi-hotel.cf\/?page_id=5408"},"modified":"2020-12-09T15:09:11","modified_gmt":"2020-12-09T14:09:11","slug":"storia","status":"publish","type":"page","link":"https:\/\/fravi-hotel.ch\/it\/hotel\/storia\/","title":{"rendered":"Storia"},"content":{"rendered":"\n<div class=\"wp-block-columns is-layout-flex wp-container-core-columns-is-layout-9d6595d7 wp-block-columns-is-layout-flex\">\n<div class=\"wp-block-column is-vertically-aligned-top is-layout-flow wp-block-column-is-layout-flow\" style=\"flex-basis:30%\">\n<h1 class=\"gb-headline gb-headline-99998062\">Storia<\/h1>\n<\/div>\n\n\n\n<div class=\"wp-block-column is-vertically-aligned-bottom is-layout-flow wp-block-column-is-layout-flow\" style=\"flex-basis:70%\">\n<p>Negli anni Venti del XIX secolo, il leader della comunit\u00e0 Johann Jakob Fravi-Gondini riconobbe l&#8217;importanza di una sorgente curativa nel territorio del comune di Pignia. Fece condurre la sua acqua &#8220;debolmente ricca di acciaio e salmastra&#8221; in tubi di legno ad Andeer, dove la fece riscaldare per i suoi ospiti nell&#8217;hotel balneare, appena inaugurato nel 1828. L&#8217;ala del bagno aveva 12 cabine e due bagni in comune. <\/p>\n\n\n\n<p>Leopoldo I, re del Belgio, rese omaggio all&#8217;albergo nel 1858 e nel 1863. Nel 1864 Karl Marx si registr\u00f2. Altri ospiti famosi sono stati i principi di Orl\u00e9ans, il barone del Liechtenstein e i ministri degli zar Alessandro e Nicola, Conrad Ferdinand Meyer, Christian Andersen, Wilhelm Raabe e molti altri. Particolarmente degna di nota \u00e8 Maria Luisa, figlia dell&#8217;imperatore Francesco II d&#8217;Austria e vedova dell&#8217;imperatore Napoleone I. Sposatasi al suo terzo matrimonio con il duca di Bombelle, fu accompagnata personalmente in Italia attraverso lo Spl\u00fcgenpass da Johann Jakob Fravi-Gondini nel 1836.<\/p>\n<\/div>\n<\/div>\n\n\n\n<div class=\"wp-block-cover alignfull has-background-dim-10 has-background-dim has-parallax cover-subseiten custom-topmargin custom-bottommargin\" style=\"background-image:url(https:\/\/fravi-hotel.ch\/wp-content\/uploads\/2020\/06\/hotel_geschichte2.jpg);background-color:#9a9090;margin-top:80px;margin-bottom:80px\"><div class=\"wp-block-cover__inner-container is-layout-flow wp-block-cover-is-layout-flow\">\n<h2 class=\"has-text-align-left wp-block-heading\">Hotel Fravi<\/h2>\n\n\n\n<p>XIX Secolo<\/p>\n<\/div><\/div>\n\n\n\n<div class=\"wp-block-columns is-layout-flex wp-container-core-columns-is-layout-9d6595d7 wp-block-columns-is-layout-flex\">\n<div class=\"wp-block-column is-vertically-aligned-top is-layout-flow wp-block-column-is-layout-flow\" style=\"flex-basis:30%\">\n<h1 class=\"gb-headline gb-headline-2a63c156\">&#8220;Viamala&#8221;<\/h1>\n\n\n\n<p><\/p>\n<\/div>\n\n\n\n<div class=\"wp-block-column is-vertically-aligned-bottom is-layout-flow wp-block-column-is-layout-flow\" style=\"flex-basis:70%\">\n<p>Dal 1907 al 1909, l&#8217;hotel fu ampliato in moderato stile Art Nouveau per formare un palazzo e gli fu dato l&#8217;aspetto attuale.<\/p>\n\n\n\n<p>Gi\u00e0 allora erano stati installati un ascensore, un riscaldamento centralizzato e i bagni al 1\u00b0 e al 2\u00b0 piano e la luce elettrica. \u00c8 stato costruito anche un campo da tennis dell&#8217;hotel.<\/p>\n\n\n\n<p>La prima guerra mondiale, la crisi degli anni Trenta e la seconda guerra mondiale non hanno lasciato l&#8217;hotel inalterato. Anche il team del film con attori come Gert Fr\u00f6be e Christine Kaufmann, che nel 1961 gir\u00f2 il famoso film &#8220;Viamala&#8221; e rimase in albergo per diverse settimane, non poteva cambiare la situazione.<\/p>\n\n\n\n<figure class=\"wp-block-gallery columns-3 is-cropped wp-block-gallery-1 is-layout-flex wp-block-gallery-is-layout-flex\"><ul class=\"blocks-gallery-grid\"><li class=\"blocks-gallery-item\"><figure><a href=\"https:\/\/fravi-hotel.ch\/wp-content\/uploads\/2020\/06\/hotel_geschichte.jpg\"><img loading=\"lazy\" decoding=\"async\" width=\"683\" height=\"1024\" src=\"https:\/\/fravi-hotel.ch\/wp-content\/uploads\/2020\/06\/hotel_geschichte-683x1024.jpg\" alt=\"\" data-id=\"4304\" data-full-url=\"https:\/\/fravi-hotel.ch\/wp-content\/uploads\/2020\/06\/hotel_geschichte.jpg\" data-link=\"https:\/\/fravi-hotel.ch\/hotel_geschichte\/\" class=\"wp-image-4305\" srcset=\"https:\/\/fravi-hotel.ch\/wp-content\/uploads\/2020\/06\/hotel_geschichte-683x1024.jpg 683w, https:\/\/fravi-hotel.ch\/wp-content\/uploads\/2020\/06\/hotel_geschichte-267x400.jpg 267w, https:\/\/fravi-hotel.ch\/wp-content\/uploads\/2020\/06\/hotel_geschichte-768x1152.jpg 768w, https:\/\/fravi-hotel.ch\/wp-content\/uploads\/2020\/06\/hotel_geschichte-200x300.jpg 200w, https:\/\/fravi-hotel.ch\/wp-content\/uploads\/2020\/06\/hotel_geschichte.jpg 800w\" sizes=\"auto, (max-width: 683px) 100vw, 683px\" \/><\/a><figcaption class=\"blocks-gallery-item__caption\">Christine Kaufmann<\/figcaption><\/figure><\/li><li class=\"blocks-gallery-item\"><figure><a href=\"https:\/\/fravi-hotel.ch\/wp-content\/uploads\/2020\/06\/hotel_geschichte1.jpg\"><img loading=\"lazy\" decoding=\"async\" width=\"683\" height=\"1024\" src=\"https:\/\/fravi-hotel.ch\/wp-content\/uploads\/2020\/06\/hotel_geschichte1-683x1024.jpg\" alt=\"\" data-id=\"4302\" data-full-url=\"https:\/\/fravi-hotel.ch\/wp-content\/uploads\/2020\/06\/hotel_geschichte1.jpg\" data-link=\"https:\/\/fravi-hotel.ch\/hotel_geschichte1\/\" class=\"wp-image-4303\" srcset=\"https:\/\/fravi-hotel.ch\/wp-content\/uploads\/2020\/06\/hotel_geschichte1-683x1024.jpg 683w, https:\/\/fravi-hotel.ch\/wp-content\/uploads\/2020\/06\/hotel_geschichte1-267x400.jpg 267w, https:\/\/fravi-hotel.ch\/wp-content\/uploads\/2020\/06\/hotel_geschichte1-768x1152.jpg 768w, https:\/\/fravi-hotel.ch\/wp-content\/uploads\/2020\/06\/hotel_geschichte1-200x300.jpg 200w, https:\/\/fravi-hotel.ch\/wp-content\/uploads\/2020\/06\/hotel_geschichte1.jpg 800w\" sizes=\"auto, (max-width: 683px) 100vw, 683px\" \/><\/a><figcaption class=\"blocks-gallery-item__caption\">Gerd Fr\u00f6be<\/figcaption><\/figure><\/li><li class=\"blocks-gallery-item\"><figure><a href=\"https:\/\/fravi-hotel.ch\/wp-content\/uploads\/2020\/06\/hotel_geschichte2.jpg\"><img loading=\"lazy\" decoding=\"async\" width=\"1024\" height=\"683\" src=\"https:\/\/fravi-hotel.ch\/wp-content\/uploads\/2020\/06\/hotel_geschichte2-1024x683.jpg\" alt=\"\" data-id=\"4300\" data-full-url=\"https:\/\/fravi-hotel.ch\/wp-content\/uploads\/2020\/06\/hotel_geschichte2.jpg\" data-link=\"https:\/\/fravi-hotel.ch\/hotel_geschichte2\/\" class=\"wp-image-4301\" srcset=\"https:\/\/fravi-hotel.ch\/wp-content\/uploads\/2020\/06\/hotel_geschichte2-1024x683.jpg 1024w, https:\/\/fravi-hotel.ch\/wp-content\/uploads\/2020\/06\/hotel_geschichte2-400x267.jpg 400w, https:\/\/fravi-hotel.ch\/wp-content\/uploads\/2020\/06\/hotel_geschichte2-768x512.jpg 768w, https:\/\/fravi-hotel.ch\/wp-content\/uploads\/2020\/06\/hotel_geschichte2.jpg 1200w\" sizes=\"auto, (max-width: 1024px) 100vw, 1024px\" \/><\/a><figcaption class=\"blocks-gallery-item__caption\">19. Jahrhundert<\/figcaption><\/figure><\/li><\/ul><\/figure>\n\n\n\n<p>Solo l&#8217;apertura delle nuove terme all&#8217;inizio degli anni Ottanta ha portato la tanto agognata ripresa. La famiglia Fravi aveva messo a disposizione la propria terra e la sorgente per questo scopo, aprendo la strada a un moderno e allo stesso tempo accogliente centro termale. Cos\u00ec anche il villaggio di Andeer ha riacquistato la sua importanza come localit\u00e0 termale.<\/p>\n\n\n\n<p>L&#8217;hotel \u00e8 stato rinnovato e modernizzato pi\u00f9 volte negli ultimi anni. Oggi si presenta all&#8217;ultimo livello di ospitalit\u00e0 ed \u00e8 ancora di propriet\u00e0 della famiglia Fravi.<\/p>\n<\/div>\n<\/div>\n\n\n\n<p><\/p>\n","protected":false},"excerpt":{"rendered":"<p>Storia Negli anni Venti del XIX secolo, il leader della comunit\u00e0 Johann Jakob Fravi-Gondini riconobbe l&#8217;importanza di una sorgente curativa nel territorio &#8230; <\/p>\n<p class=\"read-more-container\"><a title=\"Storia\" class=\"read-more button\" href=\"https:\/\/fravi-hotel.ch\/it\/hotel\/storia\/#more-5408\" aria-label=\"Per saperne di pi\u00f9 su Storia\">weiterlesen<\/a><\/p>\n","protected":false},"author":1,"featured_media":0,"parent":5405,"menu_order":1,"comment_status":"closed","ping_status":"closed","template":"","meta":{"inline_featured_image":false,"_uag_custom_page_level_css":"","footnotes":""},"class_list":["post-5408","page","type-page","status-publish"],"featured_image_urls_v2":{"full":"","thumbnail":"","medium":"","medium_large":"","large":"","1536x1536":"","2048x2048":""},"post_excerpt_stackable_v2":"<p>Storia Negli anni Venti del XIX secolo, il leader della comunit\u00e0 Johann Jakob Fravi-Gondini riconobbe l&#8217;importanza di una sorgente curativa nel territorio del comune di Pignia. Fece condurre la sua acqua &#8220;debolmente ricca di acciaio e salmastra&#8221; in tubi di legno ad Andeer, dove la fece riscaldare per i suoi ospiti nell&#8217;hotel balneare, appena inaugurato nel 1828. L&#8217;ala del bagno aveva 12 cabine e due bagni in comune. Leopoldo I, re del Belgio, rese omaggio all&#8217;albergo nel 1858 e nel 1863. Nel 1864 Karl Marx si registr\u00f2. Altri ospiti famosi sono stati i principi di Orl\u00e9ans, il barone del Liechtenstein&hellip;<\/p>\n","category_list_v2":"","author_info_v2":{"name":"PP-Admin","url":"https:\/\/fravi-hotel.ch\/it\/author\/pp-admin\/"},"comments_num_v2":"0 commenti","yoast_head":"<!-- This site is optimized with the Yoast SEO Premium plugin v27.2 (Yoast SEO v27.2) - https:\/\/yoast.com\/product\/yoast-seo-premium-wordpress\/ -->\n<title>Storia | Hotel Fravi Andeer GR<\/title>\n<meta name=\"robots\" content=\"index, follow, max-snippet:-1, max-image-preview:large, max-video-preview:-1\" \/>\n<link rel=\"canonical\" href=\"https:\/\/fravi-hotel.ch\/it\/hotel\/storia\/\" \/>\n<meta property=\"og:locale\" content=\"it_IT\" \/>\n<meta property=\"og:type\" content=\"article\" \/>\n<meta property=\"og:title\" content=\"Storia\" \/>\n<meta property=\"og:description\" content=\"Storia Negli anni Venti del XIX secolo, il leader della comunit\u00e0 Johann Jakob Fravi-Gondini riconobbe l&#8217;importanza di una sorgente curativa nel territorio ... weiterlesen\" \/>\n<meta property=\"og:url\" content=\"https:\/\/fravi-hotel.ch\/it\/hotel\/storia\/\" \/>\n<meta property=\"og:site_name\" content=\"Hotel Fravi Andeer GR\" \/>\n<meta property=\"article:publisher\" content=\"https:\/\/www.facebook.com\/hotelfravi\" \/>\n<meta property=\"article:modified_time\" content=\"2020-12-09T14:09:11+00:00\" \/>\n<meta property=\"og:image\" content=\"https:\/\/fravi-hotel.ch\/wp-content\/uploads\/2020\/06\/hotel_geschichte.jpg\" \/>\n\t<meta property=\"og:image:width\" content=\"800\" \/>\n\t<meta property=\"og:image:height\" content=\"1200\" \/>\n\t<meta property=\"og:image:type\" content=\"image\/jpeg\" \/>\n<meta name=\"twitter:card\" content=\"summary_large_image\" \/>\n<meta name=\"twitter:label1\" content=\"Tempo di lettura stimato\" \/>\n\t<meta name=\"twitter:data1\" content=\"2 minuti\" \/>\n<script type=\"application\/ld+json\" class=\"yoast-schema-graph\">{\"@context\":\"https:\/\/schema.org\",\"@graph\":[{\"@type\":\"WebPage\",\"@id\":\"https:\/\/fravi-hotel.ch\/it\/hotel\/storia\/\",\"url\":\"https:\/\/fravi-hotel.ch\/it\/hotel\/storia\/\",\"name\":\"Storia | Hotel Fravi Andeer GR\",\"isPartOf\":{\"@id\":\"https:\/\/fravi-hotel.ch\/it\/#website\"},\"primaryImageOfPage\":{\"@id\":\"https:\/\/fravi-hotel.ch\/it\/hotel\/storia\/#primaryimage\"},\"image\":{\"@id\":\"https:\/\/fravi-hotel.ch\/it\/hotel\/storia\/#primaryimage\"},\"thumbnailUrl\":\"https:\/\/fravi-hotel.ch\/wp-content\/uploads\/2020\/06\/hotel_geschichte-683x1024.jpg\",\"datePublished\":\"2020-11-11T09:44:19+00:00\",\"dateModified\":\"2020-12-09T14:09:11+00:00\",\"breadcrumb\":{\"@id\":\"https:\/\/fravi-hotel.ch\/it\/hotel\/storia\/#breadcrumb\"},\"inLanguage\":\"it-IT\",\"potentialAction\":[{\"@type\":\"ReadAction\",\"target\":[\"https:\/\/fravi-hotel.ch\/it\/hotel\/storia\/\"]}]},{\"@type\":\"ImageObject\",\"inLanguage\":\"it-IT\",\"@id\":\"https:\/\/fravi-hotel.ch\/it\/hotel\/storia\/#primaryimage\",\"url\":\"https:\/\/fravi-hotel.ch\/wp-content\/uploads\/2020\/06\/hotel_geschichte-683x1024.jpg\",\"contentUrl\":\"https:\/\/fravi-hotel.ch\/wp-content\/uploads\/2020\/06\/hotel_geschichte-683x1024.jpg\"},{\"@type\":\"BreadcrumbList\",\"@id\":\"https:\/\/fravi-hotel.ch\/it\/hotel\/storia\/#breadcrumb\",\"itemListElement\":[{\"@type\":\"ListItem\",\"position\":1,\"name\":\"Start\",\"item\":\"https:\/\/fravi-hotel.ch\/it\/hotel-fravi\/\"},{\"@type\":\"ListItem\",\"position\":2,\"name\":\"Hotel\",\"item\":\"https:\/\/fravi-hotel.ch\/it\/hotel\/\"},{\"@type\":\"ListItem\",\"position\":3,\"name\":\"Storia\"}]},{\"@type\":\"WebSite\",\"@id\":\"https:\/\/fravi-hotel.ch\/it\/#website\",\"url\":\"https:\/\/fravi-hotel.ch\/it\/\",\"name\":\"Hotel Fravi, Andeer\",\"description\":\"Bade-, Kur- &amp; Ferienhotel Andeer\",\"publisher\":{\"@id\":\"https:\/\/fravi-hotel.ch\/it\/#organization\"},\"alternateName\":\"Hotel Fravi\",\"potentialAction\":[{\"@type\":\"SearchAction\",\"target\":{\"@type\":\"EntryPoint\",\"urlTemplate\":\"https:\/\/fravi-hotel.ch\/it\/?s={search_term_string}\"},\"query-input\":{\"@type\":\"PropertyValueSpecification\",\"valueRequired\":true,\"valueName\":\"search_term_string\"}}],\"inLanguage\":\"it-IT\"},{\"@type\":[\"Organization\",\"Place\"],\"@id\":\"https:\/\/fravi-hotel.ch\/it\/#organization\",\"name\":\"Hotel Fravi, Andeer\",\"alternateName\":\"Hotel Fravi\",\"url\":\"https:\/\/fravi-hotel.ch\/it\/\",\"logo\":{\"@id\":\"https:\/\/fravi-hotel.ch\/it\/hotel\/storia\/#local-main-organization-logo\"},\"image\":{\"@id\":\"https:\/\/fravi-hotel.ch\/it\/hotel\/storia\/#local-main-organization-logo\"},\"sameAs\":[\"https:\/\/www.facebook.com\/hotelfravi\",\"https:\/\/www.instagram.com\/hotel_fravi\/#\"],\"telephone\":[],\"openingHoursSpecification\":[{\"@type\":\"OpeningHoursSpecification\",\"dayOfWeek\":[\"Monday\",\"Tuesday\",\"Wednesday\",\"Thursday\",\"Friday\",\"Saturday\",\"Sunday\"],\"opens\":\"09:00\",\"closes\":\"17:00\"}]},{\"@type\":\"ImageObject\",\"inLanguage\":\"it-IT\",\"@id\":\"https:\/\/fravi-hotel.ch\/it\/hotel\/storia\/#local-main-organization-logo\",\"url\":\"https:\/\/fravi-hotel.ch\/wp-content\/uploads\/2020\/05\/logo_hotel-fravi.png\",\"contentUrl\":\"https:\/\/fravi-hotel.ch\/wp-content\/uploads\/2020\/05\/logo_hotel-fravi.png\",\"width\":542,\"height\":360,\"caption\":\"Hotel Fravi, Andeer\"}]}<\/script>\n<!-- \/ Yoast SEO Premium plugin. -->","yoast_head_json":{"title":"Storia | Hotel Fravi Andeer GR","robots":{"index":"index","follow":"follow","max-snippet":"max-snippet:-1","max-image-preview":"max-image-preview:large","max-video-preview":"max-video-preview:-1"},"canonical":"https:\/\/fravi-hotel.ch\/it\/hotel\/storia\/","og_locale":"it_IT","og_type":"article","og_title":"Storia","og_description":"Storia Negli anni Venti del XIX secolo, il leader della comunit\u00e0 Johann Jakob Fravi-Gondini riconobbe l&#8217;importanza di una sorgente curativa nel territorio ... weiterlesen","og_url":"https:\/\/fravi-hotel.ch\/it\/hotel\/storia\/","og_site_name":"Hotel Fravi Andeer GR","article_publisher":"https:\/\/www.facebook.com\/hotelfravi","article_modified_time":"2020-12-09T14:09:11+00:00","og_image":[{"width":800,"height":1200,"url":"https:\/\/fravi-hotel.ch\/wp-content\/uploads\/2020\/06\/hotel_geschichte.jpg","type":"image\/jpeg"}],"twitter_card":"summary_large_image","twitter_misc":{"Tempo di lettura stimato":"2 minuti"},"schema":{"@context":"https:\/\/schema.org","@graph":[{"@type":"WebPage","@id":"https:\/\/fravi-hotel.ch\/it\/hotel\/storia\/","url":"https:\/\/fravi-hotel.ch\/it\/hotel\/storia\/","name":"Storia | Hotel Fravi Andeer GR","isPartOf":{"@id":"https:\/\/fravi-hotel.ch\/it\/#website"},"primaryImageOfPage":{"@id":"https:\/\/fravi-hotel.ch\/it\/hotel\/storia\/#primaryimage"},"image":{"@id":"https:\/\/fravi-hotel.ch\/it\/hotel\/storia\/#primaryimage"},"thumbnailUrl":"https:\/\/fravi-hotel.ch\/wp-content\/uploads\/2020\/06\/hotel_geschichte-683x1024.jpg","datePublished":"2020-11-11T09:44:19+00:00","dateModified":"2020-12-09T14:09:11+00:00","breadcrumb":{"@id":"https:\/\/fravi-hotel.ch\/it\/hotel\/storia\/#breadcrumb"},"inLanguage":"it-IT","potentialAction":[{"@type":"ReadAction","target":["https:\/\/fravi-hotel.ch\/it\/hotel\/storia\/"]}]},{"@type":"ImageObject","inLanguage":"it-IT","@id":"https:\/\/fravi-hotel.ch\/it\/hotel\/storia\/#primaryimage","url":"https:\/\/fravi-hotel.ch\/wp-content\/uploads\/2020\/06\/hotel_geschichte-683x1024.jpg","contentUrl":"https:\/\/fravi-hotel.ch\/wp-content\/uploads\/2020\/06\/hotel_geschichte-683x1024.jpg"},{"@type":"BreadcrumbList","@id":"https:\/\/fravi-hotel.ch\/it\/hotel\/storia\/#breadcrumb","itemListElement":[{"@type":"ListItem","position":1,"name":"Start","item":"https:\/\/fravi-hotel.ch\/it\/hotel-fravi\/"},{"@type":"ListItem","position":2,"name":"Hotel","item":"https:\/\/fravi-hotel.ch\/it\/hotel\/"},{"@type":"ListItem","position":3,"name":"Storia"}]},{"@type":"WebSite","@id":"https:\/\/fravi-hotel.ch\/it\/#website","url":"https:\/\/fravi-hotel.ch\/it\/","name":"Hotel Fravi, Andeer","description":"Bade-, Kur- &amp; Ferienhotel Andeer","publisher":{"@id":"https:\/\/fravi-hotel.ch\/it\/#organization"},"alternateName":"Hotel Fravi","potentialAction":[{"@type":"SearchAction","target":{"@type":"EntryPoint","urlTemplate":"https:\/\/fravi-hotel.ch\/it\/?s={search_term_string}"},"query-input":{"@type":"PropertyValueSpecification","valueRequired":true,"valueName":"search_term_string"}}],"inLanguage":"it-IT"},{"@type":["Organization","Place"],"@id":"https:\/\/fravi-hotel.ch\/it\/#organization","name":"Hotel Fravi, Andeer","alternateName":"Hotel Fravi","url":"https:\/\/fravi-hotel.ch\/it\/","logo":{"@id":"https:\/\/fravi-hotel.ch\/it\/hotel\/storia\/#local-main-organization-logo"},"image":{"@id":"https:\/\/fravi-hotel.ch\/it\/hotel\/storia\/#local-main-organization-logo"},"sameAs":["https:\/\/www.facebook.com\/hotelfravi","https:\/\/www.instagram.com\/hotel_fravi\/#"],"telephone":[],"openingHoursSpecification":[{"@type":"OpeningHoursSpecification","dayOfWeek":["Monday","Tuesday","Wednesday","Thursday","Friday","Saturday","Sunday"],"opens":"09:00","closes":"17:00"}]},{"@type":"ImageObject","inLanguage":"it-IT","@id":"https:\/\/fravi-hotel.ch\/it\/hotel\/storia\/#local-main-organization-logo","url":"https:\/\/fravi-hotel.ch\/wp-content\/uploads\/2020\/05\/logo_hotel-fravi.png","contentUrl":"https:\/\/fravi-hotel.ch\/wp-content\/uploads\/2020\/05\/logo_hotel-fravi.png","width":542,"height":360,"caption":"Hotel Fravi, Andeer"}]}},"uagb_featured_image_src":{"full":false,"thumbnail":false,"medium":false,"medium_large":false,"large":false,"1536x1536":false,"2048x2048":false},"uagb_author_info":{"display_name":"PP-Admin","author_link":"https:\/\/fravi-hotel.ch\/it\/author\/pp-admin\/"},"uagb_comment_info":0,"uagb_excerpt":"Storia Negli anni Venti del XIX secolo, il leader della comunit\u00e0 Johann Jakob Fravi-Gondini riconobbe l&#8217;importanza di una sorgente curativa nel territorio ... weiterlesen","_links":{"self":[{"href":"https:\/\/fravi-hotel.ch\/it\/wp-json\/wp\/v2\/pages\/5408","targetHints":{"allow":["GET"]}}],"collection":[{"href":"https:\/\/fravi-hotel.ch\/it\/wp-json\/wp\/v2\/pages"}],"about":[{"href":"https:\/\/fravi-hotel.ch\/it\/wp-json\/wp\/v2\/types\/page"}],"author":[{"embeddable":true,"href":"https:\/\/fravi-hotel.ch\/it\/wp-json\/wp\/v2\/users\/1"}],"replies":[{"embeddable":true,"href":"https:\/\/fravi-hotel.ch\/it\/wp-json\/wp\/v2\/comments?post=5408"}],"version-history":[{"count":6,"href":"https:\/\/fravi-hotel.ch\/it\/wp-json\/wp\/v2\/pages\/5408\/revisions"}],"predecessor-version":[{"id":6054,"href":"https:\/\/fravi-hotel.ch\/it\/wp-json\/wp\/v2\/pages\/5408\/revisions\/6054"}],"up":[{"embeddable":true,"href":"https:\/\/fravi-hotel.ch\/it\/wp-json\/wp\/v2\/pages\/5405"}],"wp:attachment":[{"href":"https:\/\/fravi-hotel.ch\/it\/wp-json\/wp\/v2\/media?parent=5408"}],"curies":[{"name":"wp","href":"https:\/\/api.w.org\/{rel}","templated":true}]}}